{"id":2455,"date":"2026-01-28T10:46:20","date_gmt":"2026-01-28T09:46:20","guid":{"rendered":"https:\/\/beharpy.com\/rencontre-avec-quim\/"},"modified":"2026-04-29T17:31:06","modified_gmt":"2026-04-29T15:31:06","slug":"rencontre-avec-quim","status":"publish","type":"page","link":"https:\/\/beharpy.com\/fr\/rencontre-avec-quim\/","title":{"rendered":"Rencontre avec  Quim"},"content":{"rendered":"\t\t<div data-elementor-type=\"wp-page\" data-elementor-id=\"2455\" class=\"elementor elementor-2455 elementor-109\" data-elementor-post-type=\"page\">\n\t\t\t\t<div class=\"elementor-element elementor-element-f6fc8f2 e-flex e-con-boxed e-con e-parent\" data-id=\"f6fc8f2\" data-element_type=\"container\" data-e-type=\"container\" data-settings=\"{&quot;background_background&quot;:&quot;classic&quot;}\">\n\t\t\t\t\t<div class=\"e-con-inner\">\n\t\t<div class=\"elementor-element elementor-element-4648072 e-con-full e-flex e-con e-child\" data-id=\"4648072\" data-element_type=\"container\" data-e-type=\"container\" data-settings=\"{&quot;background_background&quot;:&quot;classic&quot;}\">\n\t\t\t\t<div class=\"elementor-element elementor-element-c73b28f animated-fast elementor-invisible elementor-widget elementor-widget-heading\" data-id=\"c73b28f\" data-element_type=\"widget\" data-e-type=\"widget\" data-settings=\"{&quot;_animation&quot;:&quot;fadeInUp&quot;,&quot;_animation_mobile&quot;:&quot;none&quot;}\" data-widget_type=\"heading.default\">\n\t\t\t\t\t<h1 class=\"elementor-heading-title elementor-size-default\">Rencontre avec  Quim<\/h1>\t\t\t\t<\/div>\n\t\t\t\t<\/div>\n\t\t<div class=\"elementor-element elementor-element-be4f428 e-con-full e-flex e-con e-child\" data-id=\"be4f428\" data-element_type=\"container\" data-e-type=\"container\" data-settings=\"{&quot;background_background&quot;:&quot;classic&quot;}\">\n\t\t<div class=\"elementor-element elementor-element-326f949 e-con-full e-flex elementor-invisible e-con e-child\" data-id=\"326f949\" data-element_type=\"container\" data-e-type=\"container\" data-settings=\"{&quot;animation&quot;:&quot;fadeInUp&quot;,&quot;animation_mobile&quot;:&quot;none&quot;}\">\n\t\t\t\t<div class=\"elementor-element elementor-element-a45eaad elementor-invisible elementor-widget elementor-widget-heading\" data-id=\"a45eaad\" data-element_type=\"widget\" data-e-type=\"widget\" data-settings=\"{&quot;_animation&quot;:&quot;fadeInUp&quot;,&quot;_animation_mobile&quot;:&quot;none&quot;}\" data-widget_type=\"heading.default\">\n\t\t\t\t\t<h2 class=\"elementor-heading-title elementor-size-default\">Quim Roca \/ Respiration consciente<\/h2>\t\t\t\t<\/div>\n\t\t\t\t<div class=\"elementor-element elementor-element-aced6e8 elementor-widget elementor-widget-text-editor\" data-id=\"aced6e8\" data-element_type=\"widget\" data-e-type=\"widget\" data-widget_type=\"text-editor.default\">\n\t\t\t\t\t\t\t\t\t<p>J\u2019ai commenc\u00e9 \u00e0 jouer de l\u2019harmonica lorsque j\u2019ai atteint la trentaine et peu apr\u00e8s, la prise de conscience de la respiration a chang\u00e9 ma vie. L\u2019harmonica et le travail de la respiration m\u2019ont vraiment aid\u00e9 \u00e0 gu\u00e9rir, avec l\u2019harmonica pour exprimer ma sensibilit\u00e9 refoul\u00e9e et le travail de la respiration pour lib\u00e9rer toutes mes \u00e9motions bloqu\u00e9es.<\/p>\n<p>Apr\u00e8s mes quarante ans j\u2019ai d\u00e9couvert le chant diphonique et la fa\u00e7on de me connecter \u00e0 mes centres \u00e9nerg\u00e9tiques, les chakras, cela a ouvert mon chemin vers la th\u00e9rapie sonore.<\/p>\n<p>Lorsque j\u2019ai atteint la cinquantaine, apr\u00e8s des ann\u00e9es d\u2019auto-gu\u00e9rison, de lectures approfondies et de formations diverses en th\u00e9rapie sonore, travail respiratoire et pratiques de gu\u00e9rison \u00e9nerg\u00e9tique, j\u2019ai cr\u00e9\u00e9 BeHarpy pour partager mon exp\u00e9rience et pr\u00e9senter l\u2019harmonica et le chant diphonique comme des outils pour explorer et cr\u00e9er une intimit\u00e9 plus profonde avec notre respiration et pour nous connecter \u00e0 notre corps, notre esprit et notre cr\u00e9ativit\u00e9.<\/p>\n<p>Depuis 2013, je propose des ateliers de Respiration Consciente, d\u2019Harmonica et de Chant Harmonique dans diff\u00e9rents pays: en Espagne, en France, au Royaume-Uni, en Allemagne et aux \u00c9tats-Unis, en utilisant diff\u00e9rentes langues: catalan, espagnol, fran\u00e7ais, anglais et portugais.<\/p>\n<p>Voici une liste de certains camps et festivals auxquels j\u2019ai particip\u00e9 comme instructeur ces derni\u00e8res ann\u00e9es: : <strong>Encuentro de Cantos Arm\u00f3nicos<\/strong> (Diafanum), <strong>Harmonica Roses<\/strong> (with Greg Zlap and Joan Pau Cumellas), <strong>Breath, a Festival of Life<\/strong> (UK), <strong>Barcelona Breathcamp<\/strong> (by Alchemy of Breath), <strong>Harmonica Masters<\/strong> (Trossingen, Germany), <strong>Harping by the Sea<\/strong> (Brighton, UK), <strong>Harmonica FEN Festival<\/strong> (Berlin, Germany), <strong>Eurofolk Festival<\/strong> (Ingelheim, Germany), <strong>Calella Harmonica Festival<\/strong> (Catalonia), <strong>L\u2019Hers sur les anches<\/strong> (Calmont, France)\u2026 Et il y en a toujours d\u2019autres \u00e0 venir!<\/p>\n<p>Depuis 2018, j\u2019organise et j\u2019anime le <strong>Gironella Harmonica Camp<\/strong>, avec l\u2019incroyable et talentueux harmoniciste <span style=\"text-decoration: underline; color: #99cc00;\"><a style=\"color: #99cc00;\" href=\"http:\/\/www.joanpaucumellas.com\/es\/\" target=\"_blank\" rel=\"noopener nofollow\"><strong>Joan Pau Cumellas<\/strong><\/a><\/span> et moi-m\u00eame en tant qu&rsquo;instructeurs.<\/p>\n<p>En tant qu\u2019harmoniciste, j\u2019ai jou\u00e9 dans diff\u00e9rents groupes de rock et de blues et j\u2019ai accompagn\u00e9 des auteurs-compositeurs au cours des 20 derni\u00e8res ann\u00e9es.<\/p>\n<p>Les trois harmonicistes qui m\u2019ont le plus influenc\u00e9, non seulement pour leur expertise et leur go\u00fbt musical, mais surtout pour leur humanit\u00e9, leur g\u00e9n\u00e9rosit\u00e9, leur humilit\u00e9 et leur art p\u00e9dagogique, sont: <strong>Joan Pau Cumellas<\/strong>, <a href=\"https:\/\/mjharmonica.com\/\" target=\"_blank\" rel=\"noopener nofollow\"><span style=\"text-decoration: underline;\"><strong><span style=\"color: #99cc00; text-decoration: underline;\">Marko Jovanovi\u0107<\/span><\/strong><\/span><\/a>\u00a0and <span style=\"color: #99cc00;\"><a style=\"color: #99cc00;\" href=\"https:\/\/filiskostore.com\/\" target=\"_blank\" rel=\"noopener nofollow\"><span style=\"text-decoration: underline;\"><strong>Joe Filisko<\/strong><\/span><\/a><\/span>.<\/p>\n<p>Je joue actuellement de la musique country en duo avec <span style=\"color: #99cc00;\"><a style=\"color: #99cc00;\" href=\"https:\/\/beharpy.com\/fr\/borja-olalla-quim-roca\/\"><span style=\"text-decoration: underline;\"><strong>Borja Olalla<\/strong><\/span><\/a><\/span>.<\/p>\n\t\t\t\t\t\t\t\t<\/div>\n\t\t\t\t<div class=\"elementor-element elementor-element-61105ab elementor-widget elementor-widget-heading\" data-id=\"61105ab\" data-element_type=\"widget\" data-e-type=\"widget\" data-widget_type=\"heading.default\">\n\t\t\t\t\t<h3 class=\"elementor-heading-title elementor-size-default\">Soyons tous BeHarpy!!!<\/h3>\t\t\t\t<\/div>\n\t\t\t\t<\/div>\n\t\t<div class=\"elementor-element elementor-element-274cac4 e-con-full e-flex elementor-invisible e-con e-child\" data-id=\"274cac4\" data-element_type=\"container\" data-e-type=\"container\" data-settings=\"{&quot;animation&quot;:&quot;fadeInUp&quot;,&quot;animation_mobile&quot;:&quot;none&quot;,&quot;background_background&quot;:&quot;slideshow&quot;,&quot;background_slideshow_gallery&quot;:[{&quot;id&quot;:2437,&quot;url&quot;:&quot;https:\\\/\\\/beharpy.com\\\/wp-content\\\/uploads\\\/2026\\\/01\\\/QUIM-ROCA-3-1-scaled.jpg&quot;},{&quot;id&quot;:2454,&quot;url&quot;:&quot;https:\\\/\\\/beharpy.com\\\/wp-content\\\/uploads\\\/2026\\\/02\\\/P6170275-scaled.jpg&quot;}],&quot;background_slideshow_loop&quot;:&quot;yes&quot;,&quot;background_slideshow_slide_duration&quot;:5000,&quot;background_slideshow_slide_transition&quot;:&quot;fade&quot;,&quot;background_slideshow_transition_duration&quot;:500}\">\n\t\t\t\t<\/div>\n\t\t\t\t<\/div>\n\t\t\t\t\t<\/div>\n\t\t\t\t<\/div>\n\t\t\t\t<\/div>\n\t\t","protected":false},"excerpt":{"rendered":"<p>Quim Roca \/ Respiration consciente J\u2019ai commenc\u00e9 \u00e0 jouer de l\u2019harmonica lorsque j\u2019ai atteint la trentaine et peu apr\u00e8s, la prise de conscience de la respiration a chang\u00e9 ma vie. [&hellip;]<\/p>\n","protected":false},"author":2,"featured_media":0,"parent":0,"menu_order":0,"comment_status":"closed","ping_status":"closed","template":"page-templates\/pagebuilder.php","meta":{"zakra_page_container_layout":"customizer","zakra_page_sidebar_layout":"customizer","zakra_remove_content_margin":false,"zakra_sidebar":"customizer","zakra_transparent_header":"customizer","zakra_logo":0,"zakra_main_header_style":"default","zakra_menu_item_color":"","zakra_menu_item_hover_color":"","zakra_menu_item_active_color":"","zakra_menu_active_style":"","zakra_page_header":true,"inline_featured_image":false,"footnotes":""},"class_list":["post-2455","page","type-page","status-publish","hentry"],"_links":{"self":[{"href":"https:\/\/beharpy.com\/fr\/wp-json\/wp\/v2\/pages\/2455","targetHints":{"allow":["GET"]}}],"collection":[{"href":"https:\/\/beharpy.com\/fr\/wp-json\/wp\/v2\/pages"}],"about":[{"href":"https:\/\/beharpy.com\/fr\/wp-json\/wp\/v2\/types\/page"}],"author":[{"embeddable":true,"href":"https:\/\/beharpy.com\/fr\/wp-json\/wp\/v2\/users\/2"}],"replies":[{"embeddable":true,"href":"https:\/\/beharpy.com\/fr\/wp-json\/wp\/v2\/comments?post=2455"}],"version-history":[{"count":3,"href":"https:\/\/beharpy.com\/fr\/wp-json\/wp\/v2\/pages\/2455\/revisions"}],"predecessor-version":[{"id":2649,"href":"https:\/\/beharpy.com\/fr\/wp-json\/wp\/v2\/pages\/2455\/revisions\/2649"}],"wp:attachment":[{"href":"https:\/\/beharpy.com\/fr\/wp-json\/wp\/v2\/media?parent=2455"}],"curies":[{"name":"wp","href":"https:\/\/api.w.org\/{rel}","templated":true}]}}