{"id":2543,"date":"2026-01-28T10:54:20","date_gmt":"2026-01-28T09:54:20","guid":{"rendered":"https:\/\/beharpy.com\/agenda\/"},"modified":"2026-04-27T10:00:04","modified_gmt":"2026-04-27T08:00:04","slug":"agenda","status":"publish","type":"page","link":"https:\/\/beharpy.com\/fr\/agenda\/","title":{"rendered":"Agenda"},"content":{"rendered":"\t\t<div data-elementor-type=\"wp-page\" data-elementor-id=\"2543\" class=\"elementor elementor-2543 elementor-125\" data-elementor-post-type=\"page\">\n\t\t\t\t<div class=\"elementor-element elementor-element-854b6cc e-flex e-con-boxed e-con e-parent\" data-id=\"854b6cc\" data-element_type=\"container\" data-e-type=\"container\" data-settings=\"{&quot;background_background&quot;:&quot;classic&quot;}\">\n\t\t\t\t\t<div class=\"e-con-inner\">\n\t\t<div class=\"elementor-element elementor-element-556aa9d e-con-full e-flex e-con e-child\" data-id=\"556aa9d\" data-element_type=\"container\" data-e-type=\"container\" data-settings=\"{&quot;background_background&quot;:&quot;classic&quot;}\">\n\t\t\t\t<div class=\"elementor-element elementor-element-67e5531 animated-fast elementor-invisible elementor-widget elementor-widget-heading\" data-id=\"67e5531\" data-element_type=\"widget\" data-e-type=\"widget\" data-settings=\"{&quot;_animation&quot;:&quot;fadeInUp&quot;,&quot;_animation_mobile&quot;:&quot;none&quot;}\" data-widget_type=\"heading.default\">\n\t\t\t\t\t<h1 class=\"elementor-heading-title elementor-size-default\">Agenda<\/h1>\t\t\t\t<\/div>\n\t\t\t\t<\/div>\n\t\t<div class=\"elementor-element elementor-element-5b848cc e-con-full e-flex e-con e-child\" data-id=\"5b848cc\" data-element_type=\"container\" data-e-type=\"container\" data-settings=\"{&quot;background_background&quot;:&quot;classic&quot;}\">\n\t\t<div class=\"elementor-element elementor-element-bfe86d0 e-con-full e-flex elementor-invisible e-con e-child\" data-id=\"bfe86d0\" data-element_type=\"container\" data-e-type=\"container\" data-settings=\"{&quot;animation&quot;:&quot;fadeInUp&quot;,&quot;animation_mobile&quot;:&quot;none&quot;}\">\n\t\t\t\t<div class=\"elementor-element elementor-element-b0c6973 elementor-widget elementor-widget-heading\" data-id=\"b0c6973\" data-element_type=\"widget\" data-e-type=\"widget\" data-widget_type=\"heading.default\">\n\t\t\t\t\t<h2 class=\"elementor-heading-title elementor-size-default\">\u00c9v\u00e9nements \u00e0 venir<\/h2>\t\t\t\t<\/div>\n\t\t\t\t<div class=\"elementor-element elementor-element-f4a40cf elementor-widget elementor-widget-the-events-calendar-addon\" data-id=\"f4a40cf\" data-element_type=\"widget\" data-e-type=\"widget\" data-widget_type=\"the-events-calendar-addon.default\">\n\t\t\t\t<div class=\"elementor-widget-container\">\n\t\t\t\t\t<!=========Events list Template 1.7.3=========><script type=\"application\/ld+json\">\r\n[{\"@context\":\"http:\/\/schema.org\",\"@type\":\"Event\",\"name\":\"V Gironella Harmonica Camp\",\"description\":\"&lt;p&gt;PROGRAMME&lt;\/p&gt;\\\\n\",\"image\":\"https:\/\/beharpy.com\/wp-content\/uploads\/2026\/01\/Cartell-Gironella-2026-nuevas-fechas.avif\",\"url\":\"https:\/\/beharpy.com\/fr\/event\/v-gironella-harmonica-camp\/\",\"eventAttendanceMode\":\"https:\/\/schema.org\/OfflineEventAttendanceMode\",\"eventStatus\":\"https:\/\/schema.org\/EventScheduled\",\"startDate\":\"2026-04-30T00:00:00+02:00\",\"endDate\":\"2026-05-03T23:59:59+02:00\",\"location\":{\"@type\":\"Place\",\"name\":\"Casa Rural La Resclosa\",\"description\":\"&lt;p&gt;Ubicaci\\u00f3-Map&lt;\/p&gt;\\\\n\",\"url\":\"\",\"address\":{\"@type\":\"PostalAddress\",\"streetAddress\":\"C-16\",\"addressLocality\":\"Gironella\",\"addressRegion\":\"Barcelona\",\"postalCode\":\"08680\",\"addressCountry\":\"Spain\"},\"telephone\":\"\",\"sameAs\":\"https:\/\/www.google.com\/maps\/place\/La+Resclosa,+Espai+de+Llum\/@42.0412045,1.8741446,17z\/data=!3m1!4b1!4m6!3m5!1s0x12a507d77affe08b:0x6f67737fc69270a1!8m2!3d42.0412005!4d1.8767195!16sg11h4268h6h?entry=ttu&g_ep=EgoyMDI2MDQxOS4wIKXMDSoASAFQAw\"},\"performer\":\"Organization\"},{\"@context\":\"http:\/\/schema.org\",\"@type\":\"Event\",\"name\":\"Concert de Borja Olalla et Quim Roca\",\"description\":\"&lt;p&gt;De l\\\\'hers sur les ancres Festival de Calmont (France) Concert de Borja Olalla et Quim Roca - Jour 15 \\u00e0 19h15 Sc\\u00e8ne de Quim Roca : &quot;L\\\\'harmonica, au-del\\u00e0 de l\\\\'instrument&quot; [&hellip;]&lt;\/p&gt;\\\\n\",\"image\":\"https:\/\/beharpy.com\/wp-content\/uploads\/2026\/03\/CARTELL-CALMONT.png\",\"url\":\"https:\/\/beharpy.com\/fr\/event\/concert-de-borja-olalla-et-quim-roca\/\",\"eventAttendanceMode\":\"https:\/\/schema.org\/OfflineEventAttendanceMode\",\"eventStatus\":\"https:\/\/schema.org\/EventScheduled\",\"startDate\":\"2026-05-15T19:00:00+02:00\",\"endDate\":\"2026-05-15T21:00:00+02:00\",\"organizer\":{\"@type\":\"Person\",\"name\":\"De l&rsquo;hers sur les anches Calmont Festival (Fran\\u00e7a)\",\"description\":\"\",\"url\":\"\",\"telephone\":\"\",\"email\":\"\",\"sameAs\":\"\"},\"performer\":\"Organization\"},{\"@context\":\"http:\/\/schema.org\",\"@type\":\"Event\",\"name\":\"Atelier : Respiration consciente avec harmonica\",\"description\":\"&lt;p&gt;29-31 maiFestival Harmonica FENBerlin (Allemagne)Atelier&nbsp;: Respiration consciente \\u00e0 l\\u2019harmonica \\u2013 Jour 30, de 13h30 \\u00e0 15h30Plus d\\u2019infos et billetterie&nbsp;: https:\/\/harmonica-fen-festival.com\/workshops\/&lt;\/p&gt;\\\\n\",\"image\":\"https:\/\/beharpy.com\/wp-content\/uploads\/2026\/03\/CARTELL-FEN-2026.jpeg\",\"url\":\"https:\/\/beharpy.com\/fr\/event\/atelier-respiration-consciente-avec-harmonica\/\",\"eventAttendanceMode\":\"https:\/\/schema.org\/OfflineEventAttendanceMode\",\"eventStatus\":\"https:\/\/schema.org\/EventScheduled\",\"startDate\":\"2026-05-29T00:00:00+02:00\",\"endDate\":\"2026-05-31T23:59:59+02:00\",\"organizer\":{\"@type\":\"Person\",\"name\":\"Harmonica FEN Festival Berlin (Germany)\",\"description\":\"\",\"url\":\"\",\"telephone\":\"\",\"email\":\"\",\"sameAs\":\"\"},\"performer\":\"Organization\"}]\r\n<\/script><div id=\"ectbe-wrapper-f4a40cf\" class=\"ectbe-wrapper ectbe-list-wrapper style-2\"><div class=\"ectbe-month-header ectbe-simple-event\">avril 2026<\/div><div id=\"event-2507\" class=\"ectbe-inner-wrapper ectbe-simple-event\"><div id=\"ectbe-date\" class=\"ectbe-date-area\">\n\t\t\t\t\t\t<span class=\"ectbe-ev-mo\">Avr<\/span>\n\t\t\t\t\t\t<span class=\"ectbe-ev-day\">30<\/span>\n\t\t\t\t\t<\/div><div class=\"ectbe-content-box\"><div class=\"ectbe-date-area\">\n                                <span class=\"ectbe-week-day\">jeudi<\/span>\n                                <span class=\"ectbe-ev-day\">30<\/span>\n                                <span class=\"ectbe-ev-mo\">avril<\/span>\n                                <\/div><div class=\"ectbe-evt-title\"><a class=\"ectbe-evt-url\" href=\"https:\/\/beharpy.com\/fr\/event\/v-gironella-harmonica-camp\/\">V Gironella Harmonica Camp<\/a><\/div><div class=\"ectbe-evt-venue\"><span class=\"ectbe-icon\"><i class=\"ectbe-icon-location\" aria-hidden=\"true\"><\/i><\/span>\n\t\t\t\t\t\t<span class=\"ectbe-venue-details ectbe-address\">Casa Rural La Resclosa,<br><span class=\"tribe-address\">\n\n<span class=\"tribe-street-address\">C-16<\/span>\n\t\n\t\t<br>\n\t\t<span class=\"tribe-locality\">Gironella<\/span><span class=\"tribe-delimiter\">,<\/span>\n\n\t<abbr class=\"tribe-region tribe-events-abbr\" title=\"Barcelona\">Barcelona<\/abbr>\n\n\t<span class=\"tribe-postal-code\">08680<\/span>\n\n\t<span class=\"tribe-country-name\">Spain<\/span>\n\n<\/span>\n<\/span><\/div><div class=\"ectbe-evt-more-box\"><a class=\"ectbe-evt-read-more\" href=\"https:\/\/beharpy.com\/fr\/event\/v-gironella-harmonica-camp\/\">Find out more<\/a><\/div><\/div><div class=\"ectbe-evt-img\"><img decoding=\"async\" src=\"https:\/\/beharpy.com\/wp-content\/uploads\/2026\/01\/Cartell-Gironella-2026-nuevas-fechas-724x1024.avif\" alt=\"\" \/><\/div><\/div><div class=\"ectbe-month-header ectbe-simple-event\">mai 2026<\/div><div id=\"event-2499\" class=\"ectbe-inner-wrapper ectbe-simple-event\"><div id=\"ectbe-date\" class=\"ectbe-date-area\">\n\t\t\t\t\t\t<span class=\"ectbe-ev-mo\">Mai<\/span>\n\t\t\t\t\t\t<span class=\"ectbe-ev-day\">15<\/span>\n\t\t\t\t\t<\/div><div class=\"ectbe-content-box\"><div class=\"ectbe-date-area\">\n                                <span class=\"ectbe-week-day\">vendredi<\/span>\n                                <span class=\"ectbe-ev-day\">15<\/span>\n                                <span class=\"ectbe-ev-mo\">mai<\/span>\n                                <\/div><div class=\"ectbe-evt-title\"><a class=\"ectbe-evt-url\" href=\"https:\/\/beharpy.com\/fr\/event\/concert-de-borja-olalla-et-quim-roca\/\">Concert de Borja Olalla et Quim Roca<\/a><\/div><div class=\"ectbe-evt-more-box\"><a class=\"ectbe-evt-read-more\" href=\"https:\/\/beharpy.com\/fr\/event\/concert-de-borja-olalla-et-quim-roca\/\">Find out more<\/a><\/div><\/div><div class=\"ectbe-evt-img\"><img decoding=\"async\" src=\"https:\/\/beharpy.com\/wp-content\/uploads\/2026\/03\/CARTELL-CALMONT-741x1024.png\" alt=\"\" \/><\/div><\/div><div id=\"event-2496\" class=\"ectbe-inner-wrapper ectbe-simple-event\"><div id=\"ectbe-date\" class=\"ectbe-date-area\">\n\t\t\t\t\t\t<span class=\"ectbe-ev-mo\">Mai<\/span>\n\t\t\t\t\t\t<span class=\"ectbe-ev-day\">29<\/span>\n\t\t\t\t\t<\/div><div class=\"ectbe-content-box\"><div class=\"ectbe-date-area\">\n                                <span class=\"ectbe-week-day\">vendredi<\/span>\n                                <span class=\"ectbe-ev-day\">29<\/span>\n                                <span class=\"ectbe-ev-mo\">mai<\/span>\n                                <\/div><div class=\"ectbe-evt-title\"><a class=\"ectbe-evt-url\" href=\"https:\/\/beharpy.com\/fr\/event\/atelier-respiration-consciente-avec-harmonica\/\">Atelier : Respiration consciente avec harmonica<\/a><\/div><div class=\"ectbe-evt-more-box\"><a class=\"ectbe-evt-read-more\" href=\"https:\/\/beharpy.com\/fr\/event\/atelier-respiration-consciente-avec-harmonica\/\">Find out more<\/a><\/div><\/div><div class=\"ectbe-evt-img\"><img decoding=\"async\" src=\"https:\/\/beharpy.com\/wp-content\/uploads\/2026\/03\/CARTELL-FEN-2026-782x1024.jpeg\" alt=\"\" \/><\/div><\/div><\/div>\t\t\t\t<\/div>\n\t\t\t\t<\/div>\n\t\t\t\t<\/div>\n\t\t\t\t<\/div>\n\t\t<div class=\"elementor-element elementor-element-dce537a e-con-full e-flex e-con e-child\" data-id=\"dce537a\" data-element_type=\"container\" data-e-type=\"container\" data-settings=\"{&quot;background_background&quot;:&quot;classic&quot;}\">\n\t\t<div class=\"elementor-element elementor-element-2ce024f e-con-full e-flex elementor-invisible e-con e-child\" data-id=\"2ce024f\" data-element_type=\"container\" data-e-type=\"container\" data-settings=\"{&quot;animation&quot;:&quot;fadeInUp&quot;,&quot;animation_mobile&quot;:&quot;none&quot;}\">\n\t\t\t\t<div class=\"elementor-element elementor-element-f5b004e elementor-widget elementor-widget-heading\" data-id=\"f5b004e\" data-element_type=\"widget\" data-e-type=\"widget\" data-widget_type=\"heading.default\">\n\t\t\t\t\t<h2 class=\"elementor-heading-title elementor-size-default\">\u00c9v\u00e9nements pass\u00e9s<\/h2>\t\t\t\t<\/div>\n\t\t\t\t<div class=\"elementor-element elementor-element-896a408 elementor-widget elementor-widget-the-events-calendar-addon\" data-id=\"896a408\" data-element_type=\"widget\" data-e-type=\"widget\" data-widget_type=\"the-events-calendar-addon.default\">\n\t\t\t\t<div class=\"elementor-widget-container\">\n\t\t\t\t\t<!=========Events list Template 1.7.3=========><script type=\"application\/ld+json\">\r\n[{\"@context\":\"http:\/\/schema.org\",\"@type\":\"Event\",\"name\":\"V Gironella Harmonica Camp\",\"description\":\"&lt;p&gt;PROGRAMME&lt;\/p&gt;\\\\n\",\"image\":\"https:\/\/beharpy.com\/wp-content\/uploads\/2026\/01\/Cartell-Gironella-2026-nuevas-fechas.avif\",\"url\":\"https:\/\/beharpy.com\/fr\/event\/v-gironella-harmonica-camp\/\",\"eventAttendanceMode\":\"https:\/\/schema.org\/OfflineEventAttendanceMode\",\"eventStatus\":\"https:\/\/schema.org\/EventScheduled\",\"startDate\":\"2026-04-30T00:00:00+02:00\",\"endDate\":\"2026-05-03T23:59:59+02:00\",\"location\":{\"@type\":\"Place\",\"name\":\"Casa Rural La Resclosa\",\"description\":\"&lt;p&gt;Ubicaci\\u00f3-Map&lt;\/p&gt;\\\\n\",\"url\":\"\",\"address\":{\"@type\":\"PostalAddress\",\"streetAddress\":\"C-16\",\"addressLocality\":\"Gironella\",\"addressRegion\":\"Barcelona\",\"postalCode\":\"08680\",\"addressCountry\":\"Spain\"},\"telephone\":\"\",\"sameAs\":\"https:\/\/www.google.com\/maps\/place\/La+Resclosa,+Espai+de+Llum\/@42.0412045,1.8741446,17z\/data=!3m1!4b1!4m6!3m5!1s0x12a507d77affe08b:0x6f67737fc69270a1!8m2!3d42.0412005!4d1.8767195!16sg11h4268h6h?entry=ttu&g_ep=EgoyMDI2MDQxOS4wIKXMDSoASAFQAw\"},\"performer\":\"Organization\"},{\"@context\":\"http:\/\/schema.org\",\"@type\":\"Event\",\"name\":\"Concert de Borja Olalla et Quim Roca\",\"description\":\"&lt;p&gt;De l\\\\'hers sur les ancres Festival de Calmont (France) Concert de Borja Olalla et Quim Roca - Jour 15 \\u00e0 19h15 Sc\\u00e8ne de Quim Roca : &quot;L\\\\'harmonica, au-del\\u00e0 de l\\\\'instrument&quot; [&hellip;]&lt;\/p&gt;\\\\n\",\"image\":\"https:\/\/beharpy.com\/wp-content\/uploads\/2026\/03\/CARTELL-CALMONT.png\",\"url\":\"https:\/\/beharpy.com\/fr\/event\/concert-de-borja-olalla-et-quim-roca\/\",\"eventAttendanceMode\":\"https:\/\/schema.org\/OfflineEventAttendanceMode\",\"eventStatus\":\"https:\/\/schema.org\/EventScheduled\",\"startDate\":\"2026-05-15T19:00:00+02:00\",\"endDate\":\"2026-05-15T21:00:00+02:00\",\"organizer\":{\"@type\":\"Person\",\"name\":\"De l&rsquo;hers sur les anches Calmont Festival (Fran\\u00e7a)\",\"description\":\"\",\"url\":\"\",\"telephone\":\"\",\"email\":\"\",\"sameAs\":\"\"},\"performer\":\"Organization\"},{\"@context\":\"http:\/\/schema.org\",\"@type\":\"Event\",\"name\":\"Atelier : Respiration consciente avec harmonica\",\"description\":\"&lt;p&gt;29-31 maiFestival Harmonica FENBerlin (Allemagne)Atelier&nbsp;: Respiration consciente \\u00e0 l\\u2019harmonica \\u2013 Jour 30, de 13h30 \\u00e0 15h30Plus d\\u2019infos et billetterie&nbsp;: https:\/\/harmonica-fen-festival.com\/workshops\/&lt;\/p&gt;\\\\n\",\"image\":\"https:\/\/beharpy.com\/wp-content\/uploads\/2026\/03\/CARTELL-FEN-2026.jpeg\",\"url\":\"https:\/\/beharpy.com\/fr\/event\/atelier-respiration-consciente-avec-harmonica\/\",\"eventAttendanceMode\":\"https:\/\/schema.org\/OfflineEventAttendanceMode\",\"eventStatus\":\"https:\/\/schema.org\/EventScheduled\",\"startDate\":\"2026-05-29T00:00:00+02:00\",\"endDate\":\"2026-05-31T23:59:59+02:00\",\"organizer\":{\"@type\":\"Person\",\"name\":\"Harmonica FEN Festival Berlin (Germany)\",\"description\":\"\",\"url\":\"\",\"telephone\":\"\",\"email\":\"\",\"sameAs\":\"\"},\"performer\":\"Organization\"}]\r\n<\/script><div id=\"ectbe-wrapper-896a408\" class=\"ectbe-wrapper ectbe-list-wrapper style-2\"><div class=\"ectbe-month-header ectbe-simple-event\">octobre 2025<\/div><div id=\"event-2504\" class=\"ectbe-inner-wrapper ectbe-simple-event\"><div id=\"ectbe-date\" class=\"ectbe-date-area\">\n\t\t\t\t\t\t<span class=\"ectbe-ev-mo\">Oct<\/span>\n\t\t\t\t\t\t<span class=\"ectbe-ev-day\">29<\/span>\n\t\t\t\t\t<\/div><div class=\"ectbe-content-box\"><div class=\"ectbe-date-area\">\n                                <span class=\"ectbe-ev-day\">29<\/span>\n                                <span class=\"ectbe-ev-mo\">octobre<\/span>\n                                <span class=\"ectbe-ev-yr\">2025<\/span>\n                                <\/div><div class=\"ectbe-evt-title\"><a class=\"ectbe-evt-url\" href=\"https:\/\/beharpy.com\/fr\/event\/record-du-monde-du-plus-long-accord-dharmonica\/\">Record du monde du plus long accord d'harmonica.<\/a><\/div><div class=\"ectbe-evt-venue\"><span class=\"ectbe-icon\"><i class=\"ectbe-icon-location\" aria-hidden=\"true\"><\/i><\/span>\n\t\t\t\t\t\t<span class=\"ectbe-venue-details ectbe-address\">German Harmonica Museum,<br><span class=\"tribe-address\">\n\n<span class=\"tribe-street-address\">Hohnerstra\u00dfe 4\/1<\/span>\n\t\n\t\t<br>\n\t\t<span class=\"tribe-locality\">Trossingen<\/span><span class=\"tribe-delimiter\">,<\/span>\n\n\n\t<span class=\"tribe-postal-code\">78647<\/span>\n\n\t<span class=\"tribe-country-name\">Germany<\/span>\n\n<\/span>\n<\/span><\/div><div class=\"ectbe-evt-more-box\"><a class=\"ectbe-evt-read-more\" href=\"https:\/\/beharpy.com\/fr\/event\/record-du-monde-du-plus-long-accord-dharmonica\/\">Find out more<\/a><\/div><\/div><div class=\"ectbe-evt-img\"><img decoding=\"async\" src=\"https:\/\/beharpy.com\/wp-content\/uploads\/2026\/02\/8db544_ab24eee81b7e4eb6893ebe0423e0c685mv2.avif\" alt=\"\" \/><\/div><\/div><div class=\"ectbe-month-header ectbe-simple-event\">mars 2026<\/div><div id=\"event-2501\" class=\"ectbe-inner-wrapper ectbe-simple-event\"><div id=\"ectbe-date\" class=\"ectbe-date-area\">\n\t\t\t\t\t\t<span class=\"ectbe-ev-mo\">Mar<\/span>\n\t\t\t\t\t\t<span class=\"ectbe-ev-day\">28<\/span>\n\t\t\t\t\t<\/div><div class=\"ectbe-content-box\"><div class=\"ectbe-date-area\">\n                                <span class=\"ectbe-ev-day\">28<\/span>\n                                <span class=\"ectbe-ev-mo\">mars<\/span>\n                                <span class=\"ectbe-ev-yr\">2026<\/span>\n                                <\/div><div class=\"ectbe-evt-title\"><a class=\"ectbe-evt-url\" href=\"https:\/\/beharpy.com\/fr\/event\/concert-de-borja-olalla-et-quim-roca-2\/\">Concert de Borja Olalla et Quim Roca<\/a><\/div><div class=\"ectbe-evt-more-box\"><a class=\"ectbe-evt-read-more\" href=\"https:\/\/beharpy.com\/fr\/event\/concert-de-borja-olalla-et-quim-roca-2\/\">Find out more<\/a><\/div><\/div><div class=\"ectbe-evt-img\"><img decoding=\"async\" src=\"https:\/\/beharpy.com\/wp-content\/uploads\/2026\/03\/CARTELL-EL-BOTIFLER-28-3-26-611x1024.jpeg\" alt=\"\" \/><\/div><\/div><div class=\"ectbe-month-header ectbe-simple-event\">avril 2026<\/div><div id=\"event-2509\" class=\"ectbe-inner-wrapper ectbe-simple-event\"><div id=\"ectbe-date\" class=\"ectbe-date-area\">\n\t\t\t\t\t\t<span class=\"ectbe-ev-mo\">Avr<\/span>\n\t\t\t\t\t\t<span class=\"ectbe-ev-day\">25<\/span>\n\t\t\t\t\t<\/div><div class=\"ectbe-content-box\"><div class=\"ectbe-date-area\">\n                                <span class=\"ectbe-ev-day\">25<\/span>\n                                <span class=\"ectbe-ev-mo\">avril<\/span>\n                                <span class=\"ectbe-ev-yr\">2026<\/span>\n                                <\/div><div class=\"ectbe-evt-title\"><a class=\"ectbe-evt-url\" href=\"https:\/\/beharpy.com\/fr\/event\/concert-de-damia-olivella-et-quim-roca\/\">Concert de Dami\u00e0 Olivella et Quim Roca<\/a><\/div><div class=\"ectbe-evt-more-box\"><a class=\"ectbe-evt-read-more\" href=\"https:\/\/beharpy.com\/fr\/event\/concert-de-damia-olivella-et-quim-roca\/\">Find out more<\/a><\/div><\/div><div class=\"ectbe-evt-img\"><img decoding=\"async\" src=\"https:\/\/beharpy.com\/wp-content\/uploads\/2026\/03\/CARTELL-DAMIA-PLACIDO-724x1024.jpeg\" alt=\"\" \/><\/div><\/div><\/div>\t\t\t\t<\/div>\n\t\t\t\t<\/div>\n\t\t\t\t<\/div>\n\t\t\t\t<\/div>\n\t\t\t\t\t<\/div>\n\t\t\t\t<\/div>\n\t\t\t\t<\/div>\n\t\t","protected":false},"excerpt":{"rendered":"<p>\u00c9v\u00e9nements \u00e0 venir April 2026 Apr 30 Thursday 30 April V Gironella Harmonica Camp Casa Rural La Resclosa, C-16 Gironella, Barcelona 08680 Spain Find out moreMay 2026 May 15 Friday [&hellip;]<\/p>\n","protected":false},"author":2,"featured_media":0,"parent":0,"menu_order":0,"comment_status":"closed","ping_status":"closed","template":"page-templates\/pagebuilder.php","meta":{"zakra_page_container_layout":"customizer","zakra_page_sidebar_layout":"customizer","zakra_remove_content_margin":false,"zakra_sidebar":"customizer","zakra_transparent_header":"customizer","zakra_logo":0,"zakra_main_header_style":"default","zakra_menu_item_color":"","zakra_menu_item_hover_color":"","zakra_menu_item_active_color":"","zakra_menu_active_style":"","zakra_page_header":true,"inline_featured_image":false,"footnotes":""},"class_list":["post-2543","page","type-page","status-publish","hentry"],"_links":{"self":[{"href":"https:\/\/beharpy.com\/fr\/wp-json\/wp\/v2\/pages\/2543","targetHints":{"allow":["GET"]}}],"collection":[{"href":"https:\/\/beharpy.com\/fr\/wp-json\/wp\/v2\/pages"}],"about":[{"href":"https:\/\/beharpy.com\/fr\/wp-json\/wp\/v2\/types\/page"}],"author":[{"embeddable":true,"href":"https:\/\/beharpy.com\/fr\/wp-json\/wp\/v2\/users\/2"}],"replies":[{"embeddable":true,"href":"https:\/\/beharpy.com\/fr\/wp-json\/wp\/v2\/comments?post=2543"}],"version-history":[{"count":3,"href":"https:\/\/beharpy.com\/fr\/wp-json\/wp\/v2\/pages\/2543\/revisions"}],"predecessor-version":[{"id":2546,"href":"https:\/\/beharpy.com\/fr\/wp-json\/wp\/v2\/pages\/2543\/revisions\/2546"}],"wp:attachment":[{"href":"https:\/\/beharpy.com\/fr\/wp-json\/wp\/v2\/media?parent=2543"}],"curies":[{"name":"wp","href":"https:\/\/api.w.org\/{rel}","templated":true}]}}